{"id":12215,"date":"2023-12-07T16:18:11","date_gmt":"2023-12-07T14:18:11","guid":{"rendered":"https:\/\/mueblesjbrinas.com\/inout-san-javier-by-j-brinas\/"},"modified":"2026-04-16T12:22:06","modified_gmt":"2026-04-16T10:22:06","slug":"inout-san-javier-by-j-brinas","status":"publish","type":"page","link":"https:\/\/mueblesjbrinas.com\/es\/inout-san-javier-by-j-brinas\/","title":{"rendered":"In&#038;Out San Javier"},"content":{"rendered":"\t\t<div data-elementor-type=\"wp-page\" data-elementor-id=\"12215\" class=\"elementor elementor-12215 elementor-12206\" data-elementor-post-type=\"page\">\n\t\t\t\t<div class=\"elementor-element elementor-element-28c994a e-con-full e-flex e-con e-parent\" data-id=\"28c994a\" data-element_type=\"container\" data-settings=\"{&quot;background_background&quot;:&quot;classic&quot;}\">\n\t\t\t\t<div class=\"elementor-element elementor-element-6ff0494 elementor-widget elementor-widget-heading\" data-id=\"6ff0494\" data-element_type=\"widget\" data-widget_type=\"heading.default\">\n\t\t\t\t<div class=\"elementor-widget-container\">\n\t\t\t<h1 class=\"elementor-heading-title elementor-size-default\">Tienda de muebles en San Javier<br>In&amp;Out Furniture cerca de m\u00ed<\/h1>\t\t<\/div>\n\t\t\t\t<\/div>\n\t\t\t\t<div class=\"elementor-element elementor-element-cf21217 elementor-widget__width-initial elementor-widget elementor-widget-text-editor\" data-id=\"cf21217\" data-element_type=\"widget\" data-widget_type=\"text-editor.default\">\n\t\t\t\t<div class=\"elementor-widget-container\">\n\t\t\t\t\t\t\t<p data-start=\"154\" data-end=\"330\">Si buscas una tienda de muebles en San Javier o una opci\u00f3n de muebles cerca de ti, en In&amp;Out Furniture encontrar\u00e1s muebles de jard\u00edn y exterior con asesoramiento personalizado.<\/p><p data-start=\"332\" data-end=\"484\">Somos una tienda de muebles cerca de ti en San Javier pensada para quienes quieren encontrar calidad, dise\u00f1o y atenci\u00f3n cercana sin alejarse de su zona.<\/p>\t\t\t\t\t\t<\/div>\n\t\t\t\t<\/div>\n\t\t\t\t<\/div>\n\t\t<div class=\"elementor-element elementor-element-da3648f e-flex e-con-boxed e-con e-parent\" data-id=\"da3648f\" data-element_type=\"container\">\n\t\t\t\t\t<div class=\"e-con-inner\">\n\t\t<div class=\"elementor-element elementor-element-f49c64f e-con-full e-flex e-con e-child\" data-id=\"f49c64f\" data-element_type=\"container\">\n\t\t\t\t<div class=\"elementor-element elementor-element-4bd3a8c elementor-widget elementor-widget-heading\" data-id=\"4bd3a8c\" data-element_type=\"widget\" data-widget_type=\"heading.default\">\n\t\t\t\t<div class=\"elementor-widget-container\">\n\t\t\t<h2 class=\"elementor-heading-title elementor-size-default\"><a href=\"https:\/\/share.google\/C6emZF5AQHMDmbK9c\" target=\"_blank\">Tienda In&amp;Out Furniture en San Javier, Murcia<\/a><\/h2>\t\t<\/div>\n\t\t\t\t<\/div>\n\t\t\t\t<div class=\"elementor-element elementor-element-a781e43 elementor-widget elementor-widget-heading\" data-id=\"a781e43\" data-element_type=\"widget\" data-widget_type=\"heading.default\">\n\t\t\t\t<div class=\"elementor-widget-container\">\n\t\t\t<h3 class=\"elementor-heading-title elementor-size-default\">Solo Muebles de jard\u00edn y exterior<\/h3>\t\t<\/div>\n\t\t\t\t<\/div>\n\t\t\t\t<div class=\"elementor-element elementor-element-a970dc8 elementor-widget elementor-widget-text-editor\" data-id=\"a970dc8\" data-element_type=\"widget\" data-widget_type=\"text-editor.default\">\n\t\t\t\t<div class=\"elementor-widget-container\">\n\t\t\t\t\t\t\t<p>Nuestra tienda de muebles situada en San Javier, Murcia:<br \/>Av. de Pinatar, 81, 30730 San Javier, Murcia.<\/p><p>La mayor variedad de muebles de exterior y jard\u00edn en Murcia y provincia de Alicante.<\/p><p>Bienvenidos a nuestra cuarta tienda f\u00edsica, para satisfacer todas tus necesidades de decoraci\u00f3n exterior.<\/p><p><strong>Horario de apertura:<\/strong><br \/>Lunes a Viernes<br \/>10:00\u202fh &#8211; 18:00 h<\/p><p>S\u00e1bado<br \/>10:00 h &#8211; 14:00 h<\/p><p><strong>Tel\u00e9fono<\/strong>: +34 604 461 81<\/p>\t\t\t\t\t\t<\/div>\n\t\t\t\t<\/div>\n\t\t\t\t<\/div>\n\t\t<div class=\"elementor-element elementor-element-f5d1cff e-con-full e-flex e-con e-child\" data-id=\"f5d1cff\" data-element_type=\"container\">\n\t\t\t\t<div class=\"elementor-element elementor-element-b04244d elementor-widget elementor-widget-google_maps\" data-id=\"b04244d\" data-element_type=\"widget\" data-widget_type=\"google_maps.default\">\n\t\t\t\t<div class=\"elementor-widget-container\">\n\t\t\t\t\t<div class=\"elementor-custom-embed\">\n\t\t\t<iframe loading=\"lazy\"\n\t\t\t\t\tsrc=\"https:\/\/maps.google.com\/maps?q=in%26out%20furniture%20san%20javier&#038;t=m&#038;z=10&#038;output=embed&#038;iwloc=near\"\n\t\t\t\t\ttitle=\"in&amp;out furniture san javier\"\n\t\t\t\t\taria-label=\"in&amp;out furniture san javier\"\n\t\t\t><\/iframe>\n\t\t<\/div>\n\t\t\t\t<\/div>\n\t\t\t\t<\/div>\n\t\t\t\t<\/div>\n\t\t\t\t\t<\/div>\n\t\t\t\t<\/div>\n\t\t<div class=\"elementor-element elementor-element-60e8ec3 e-flex e-con-boxed e-con e-parent\" data-id=\"60e8ec3\" data-element_type=\"container\" data-settings=\"{&quot;background_background&quot;:&quot;classic&quot;}\">\n\t\t\t\t\t<div class=\"e-con-inner\">\n\t\t<div class=\"elementor-element elementor-element-0f1240a e-con-full e-flex e-con e-child\" data-id=\"0f1240a\" data-element_type=\"container\">\n\t\t\t\t<div class=\"elementor-element elementor-element-81a7b1d elementor-widget elementor-widget-heading\" data-id=\"81a7b1d\" data-element_type=\"widget\" data-widget_type=\"heading.default\">\n\t\t\t\t<div class=\"elementor-widget-container\">\n\t\t\t<h2 class=\"elementor-heading-title elementor-size-default\">Contacta con In&amp;Out Furniture<\/h2>\t\t<\/div>\n\t\t\t\t<\/div>\n\t\t\t\t<div class=\"elementor-element elementor-element-4eb3dd8 elementor-widget elementor-widget-text-editor\" data-id=\"4eb3dd8\" data-element_type=\"widget\" data-widget_type=\"text-editor.default\">\n\t\t\t\t<div class=\"elementor-widget-container\">\n\t\t\t\t\t\t\t<p>\u00bfNecesita informaci\u00f3n adicional? \u00bfTiene alguna pregunta o est\u00e1 buscando un presupuesto?<\/p>\n<p><strong>Env\u00ede el siguiente formulario de contacto<\/strong> y resolveremos sus dudas lo antes posible, \u00a1Gracias!<\/p>\n\t\t\t\t\t\t<\/div>\n\t\t\t\t<\/div>\n\t\t\t\t<div class=\"elementor-element elementor-element-c899c00 elementor-invisible elementor-widget elementor-widget-image\" data-id=\"c899c00\" data-element_type=\"widget\" data-settings=\"{&quot;_animation&quot;:&quot;fadeInUp&quot;}\" data-widget_type=\"image.default\">\n\t\t\t\t<div class=\"elementor-widget-container\">\n\t\t\t\t\t\t\t\t\t\t\t\t\t<img fetchpriority=\"high\" decoding=\"async\" width=\"960\" height=\"719\" src=\"https:\/\/mueblesjbrinas.com\/wp-content\/uploads\/2024\/06\/san-javier-furniture-store.jpg\" class=\"attachment-large size-large wp-image-13054\" alt=\"\" srcset=\"https:\/\/mueblesjbrinas.com\/wp-content\/uploads\/2024\/06\/san-javier-furniture-store.jpg 960w, https:\/\/mueblesjbrinas.com\/wp-content\/uploads\/2024\/06\/san-javier-furniture-store-300x225.jpg 300w, https:\/\/mueblesjbrinas.com\/wp-content\/uploads\/2024\/06\/san-javier-furniture-store-768x575.jpg 768w, https:\/\/mueblesjbrinas.com\/wp-content\/uploads\/2024\/06\/san-javier-furniture-store-680x509.jpg 680w\" sizes=\"(max-width: 960px) 100vw, 960px\" \/>\t\t\t\t\t\t\t\t\t\t\t\t\t<\/div>\n\t\t\t\t<\/div>\n\t\t\t\t<\/div>\n\t\t<div class=\"elementor-element elementor-element-f115ace e-con-full e-flex e-con e-child\" data-id=\"f115ace\" data-element_type=\"container\">\n\t\t\t\t<div class=\"elementor-element elementor-element-5ff77ac elementor-widget elementor-widget-nm-cf7\" data-id=\"5ff77ac\" data-element_type=\"widget\" data-widget_type=\"nm-cf7.default\">\n\t\t\t\t<div class=\"elementor-widget-container\">\n\t\t\t\n<div class=\"wpcf7 no-js\" id=\"wpcf7-f88-o1\" lang=\"es-ES\" dir=\"ltr\" data-wpcf7-id=\"88\">\n<div class=\"screen-reader-response\"><p role=\"status\" aria-live=\"polite\" aria-atomic=\"true\"><\/p> <ul><\/ul><\/div>\n<form action=\"\/es\/wp-json\/wp\/v2\/pages\/12215#wpcf7-f88-o1\" method=\"post\" class=\"wpcf7-form init\" aria-label=\"Formulario de contacto\" novalidate=\"novalidate\" data-status=\"init\">\n<div style=\"display: none;\">\n<input type=\"hidden\" name=\"_wpcf7\" value=\"88\" \/>\n<input type=\"hidden\" name=\"_wpcf7_version\" value=\"6.0.5\" \/>\n<input type=\"hidden\" name=\"_wpcf7_locale\" value=\"es_ES\" \/>\n<input type=\"hidden\" name=\"_wpcf7_unit_tag\" value=\"wpcf7-f88-o1\" \/>\n<input type=\"hidden\" name=\"_wpcf7_container_post\" value=\"0\" \/>\n<input type=\"hidden\" name=\"_wpcf7_posted_data_hash\" value=\"\" \/>\n<input type=\"hidden\" name=\"_wpcf7_recaptcha_response\" value=\"\" \/>\n<\/div>\n<p><label> Name \/ Nombre *<br \/>\n<span class=\"wpcf7-form-control-wrap\" data-name=\"your-name\"><input size=\"40\" maxlength=\"400\" class=\"wpcf7-form-control wpcf7-text wpcf7-validates-as-required\" aria-required=\"true\" aria-invalid=\"false\" value=\"\" type=\"text\" name=\"your-name\" \/><\/span> <\/label>\n<\/p>\n<p><label> Email *<br \/>\n<span class=\"wpcf7-form-control-wrap\" data-name=\"your-email\"><input size=\"40\" maxlength=\"400\" class=\"wpcf7-form-control wpcf7-email wpcf7-validates-as-required wpcf7-text wpcf7-validates-as-email\" aria-required=\"true\" aria-invalid=\"false\" value=\"\" type=\"email\" name=\"your-email\" \/><\/span> <\/label>\n<\/p>\n<p><label> Message \/ Mensaje<br \/>\n<span class=\"wpcf7-form-control-wrap\" data-name=\"your-message\"><textarea cols=\"40\" rows=\"10\" maxlength=\"2000\" class=\"wpcf7-form-control wpcf7-textarea\" aria-invalid=\"false\" name=\"your-message\"><\/textarea><\/span> <\/label>\n<\/p>\n<p><span class=\"wpcf7-form-control-wrap\" data-name=\"acceptance-531\"><span class=\"wpcf7-form-control wpcf7-acceptance\"><span class=\"wpcf7-list-item\"><label><input type=\"checkbox\" name=\"acceptance-531\" value=\"1\" aria-invalid=\"false\" \/><span class=\"wpcf7-list-item-label\">Acepto la <a href=\"https:\/\/mueblesjbrinas.com\/legal\/\" target=\"_blank\">pol\u00edtica de privacidad<\/a> de mueblesjbrinas.com<\/span><\/label><\/span><\/span><\/span>\n<\/p>\n<p><input class=\"wpcf7-form-control wpcf7-submit has-spinner\" type=\"submit\" value=\"Enviar\" \/>\n<\/p>\n<hr style=\"width:90%;\" \/>\n<p style=\"font-size:13px;text-align:justify; width:100%;padding-right:5%;padding-left:5%;\">Los datos de car\u00e1cter personal que nos proporciones rellenando este formulario ser\u00e1n tratados por Muebles J. Bri\u00f1as S.L como responsable de esta web. M\u00e1s informaci\u00f3n sobre la Privacidad de Datos en <a href=\"https:\/\/mueblesjbrinas.com\/aviso-legal\"> nuestras condiciones de uso y privacidad.<\/a>\n<\/p><div class=\"wpcf7-response-output\" aria-hidden=\"true\"><\/div>\n<\/form>\n<\/div>\n\t\t<\/div>\n\t\t\t\t<\/div>\n\t\t\t\t<\/div>\n\t\t\t\t\t<\/div>\n\t\t\t\t<\/div>\n\t\t<div class=\"elementor-element elementor-element-05dece6 e-flex e-con-boxed e-con e-parent\" data-id=\"05dece6\" data-element_type=\"container\">\n\t\t\t\t\t<div class=\"e-con-inner\">\n\t\t\t\t<div class=\"elementor-element elementor-element-8b056d1 elementor-widget elementor-widget-html\" data-id=\"8b056d1\" data-element_type=\"widget\" data-widget_type=\"html.default\">\n\t\t\t\t<div class=\"elementor-widget-container\">\n\t\t\t<script type=\"application\/ld+json\">\r\n{\r\n  \"@context\": \"https:\/\/schema.org\",\r\n  \"@type\": \"FurnitureStore\",\r\n  \"name\": \"In&Out Furniture\",\r\n  \"url\": \"https:\/\/mueblesjbrinas.com\/es\/tienda-de-muebles-en-san-javier\/\",\r\n  \"telephone\": \"+34968190389\",\r\n  \"address\": {\r\n    \"@type\": \"PostalAddress\",\r\n    \"streetAddress\": \"Av. de Pinatar, 81\",\r\n    \"addressLocality\": \"San Javier\",\r\n    \"addressRegion\": \"Murcia\",\r\n    \"postalCode\": \"30730\",\r\n    \"addressCountry\": \"ES\"\r\n  }\r\n}\r\n<\/script>\t\t<\/div>\n\t\t\t\t<\/div>\n\t\t\t\t\t<\/div>\n\t\t\t\t<\/div>\n\t\t\t\t<\/div>\n\t\t","protected":false},"excerpt":{"rendered":"<p>Tienda de muebles en San Javier In&amp;Out Furniture cerca de m\u00ed Si buscas una tienda de muebles en San Javier o una opci\u00f3n de muebles cerca de ti, en In&amp;Out Furniture encontrar\u00e1s muebles de jard\u00edn y exterior con asesoramiento personalizado. Somos una tienda de muebles cerca de ti en San Javier pensada para quienes quieren &hellip;<\/p>\n","protected":false},"author":1,"featured_media":12329,"parent":0,"menu_order":0,"comment_status":"closed","ping_status":"closed","template":"","meta":{"_acf_changed":false,"_joinchat":[],"footnotes":""},"class_list":["post-12215","page","type-page","status-publish","has-post-thumbnail","hentry"],"acf":[],"yoast_head":"<!-- This site is optimized with the Yoast SEO Premium plugin v22.5 (Yoast SEO v24.8) - https:\/\/yoast.com\/wordpress\/plugins\/seo\/ -->\n<title>\u25b7 Tienda de muebles en San Javier | In&amp;Out Furniture<\/title>\n<meta name=\"description\" content=\"Tienda de muebles en San Javier con especialidad en muebles de jard\u00edn y exterior. Descubre In&amp;Out Furniture y encuentra lo que buscas cerca de ti.\" \/>\n<meta name=\"robots\" content=\"index, follow, max-snippet:-1, max-image-preview:large, max-video-preview:-1\" \/>\n<link rel=\"canonical\" href=\"https:\/\/mueblesjbrinas.com\/es\/inout-san-javier-by-j-brinas\/\" \/>\n<meta property=\"og:locale\" content=\"es_ES\" \/>\n<meta property=\"og:type\" content=\"article\" \/>\n<meta property=\"og:title\" content=\"In&amp;Out San Javier\" \/>\n<meta property=\"og:description\" content=\"Tienda de muebles en San Javier con especialidad en muebles de jard\u00edn y exterior. Descubre In&amp;Out Furniture y encuentra lo que buscas cerca de ti.\" \/>\n<meta property=\"og:url\" content=\"https:\/\/mueblesjbrinas.com\/es\/inout-san-javier-by-j-brinas\/\" \/>\n<meta property=\"og:site_name\" content=\"In &amp; Out Furniture\" \/>\n<meta property=\"article:publisher\" content=\"https:\/\/www.facebook.com\/mueblesjbrinas\" \/>\n<meta property=\"article:modified_time\" content=\"2026-04-16T10:22:06+00:00\" \/>\n<meta property=\"og:image\" content=\"https:\/\/mueblesjbrinas.com\/wp-content\/uploads\/2024\/03\/Imagen-Destacada-Web-InOut-Muebles-J.-Brinas-700x437px.jpg\" \/>\n\t<meta property=\"og:image:width\" content=\"700\" \/>\n\t<meta property=\"og:image:height\" content=\"437\" \/>\n\t<meta property=\"og:image:type\" content=\"image\/jpeg\" \/>\n<meta name=\"twitter:card\" content=\"summary_large_image\" \/>\n<meta name=\"twitter:label1\" content=\"Tiempo de lectura\" \/>\n\t<meta name=\"twitter:data1\" content=\"2 minutos\" \/>\n<script type=\"application\/ld+json\" class=\"yoast-schema-graph\">{\"@context\":\"https:\/\/schema.org\",\"@graph\":[{\"@type\":\"WebPage\",\"@id\":\"https:\/\/mueblesjbrinas.com\/es\/inout-san-javier-by-j-brinas\/\",\"url\":\"https:\/\/mueblesjbrinas.com\/es\/inout-san-javier-by-j-brinas\/\",\"name\":\"\u25b7 Tienda de muebles en San Javier | In&Out Furniture\",\"isPartOf\":{\"@id\":\"https:\/\/mueblesjbrinas.com\/es\/#website\"},\"primaryImageOfPage\":{\"@id\":\"https:\/\/mueblesjbrinas.com\/es\/inout-san-javier-by-j-brinas\/#primaryimage\"},\"image\":{\"@id\":\"https:\/\/mueblesjbrinas.com\/es\/inout-san-javier-by-j-brinas\/#primaryimage\"},\"thumbnailUrl\":\"https:\/\/mueblesjbrinas.com\/wp-content\/uploads\/2024\/03\/Imagen-Destacada-Web-InOut-Muebles-J.-Brinas-700x437px.jpg\",\"datePublished\":\"2023-12-07T14:18:11+00:00\",\"dateModified\":\"2026-04-16T10:22:06+00:00\",\"description\":\"Tienda de muebles en San Javier con especialidad en muebles de jard\u00edn y exterior. Descubre In&Out Furniture y encuentra lo que buscas cerca de ti.\",\"breadcrumb\":{\"@id\":\"https:\/\/mueblesjbrinas.com\/es\/inout-san-javier-by-j-brinas\/#breadcrumb\"},\"inLanguage\":\"es\",\"potentialAction\":[{\"@type\":\"ReadAction\",\"target\":[\"https:\/\/mueblesjbrinas.com\/es\/inout-san-javier-by-j-brinas\/\"]}]},{\"@type\":\"ImageObject\",\"inLanguage\":\"es\",\"@id\":\"https:\/\/mueblesjbrinas.com\/es\/inout-san-javier-by-j-brinas\/#primaryimage\",\"url\":\"https:\/\/mueblesjbrinas.com\/wp-content\/uploads\/2024\/03\/Imagen-Destacada-Web-InOut-Muebles-J.-Brinas-700x437px.jpg\",\"contentUrl\":\"https:\/\/mueblesjbrinas.com\/wp-content\/uploads\/2024\/03\/Imagen-Destacada-Web-InOut-Muebles-J.-Brinas-700x437px.jpg\",\"width\":700,\"height\":437,\"caption\":\"Tienda de Muebles San Javier\"},{\"@type\":\"BreadcrumbList\",\"@id\":\"https:\/\/mueblesjbrinas.com\/es\/inout-san-javier-by-j-brinas\/#breadcrumb\",\"itemListElement\":[{\"@type\":\"ListItem\",\"position\":1,\"name\":\"Portada\",\"item\":\"https:\/\/mueblesjbrinas.com\/es\/\"},{\"@type\":\"ListItem\",\"position\":2,\"name\":\"In&#038;Out San Javier\"}]},{\"@type\":\"WebSite\",\"@id\":\"https:\/\/mueblesjbrinas.com\/es\/#website\",\"url\":\"https:\/\/mueblesjbrinas.com\/es\/\",\"name\":\"Muebles Bri\u00f1as\",\"description\":\"Online Outdoor Furniture Shop in Costa Blanca. Torrevieja, Rojales, Guardamar, San Javier.\",\"publisher\":{\"@id\":\"https:\/\/mueblesjbrinas.com\/es\/#organization\"},\"potentialAction\":[{\"@type\":\"SearchAction\",\"target\":{\"@type\":\"EntryPoint\",\"urlTemplate\":\"https:\/\/mueblesjbrinas.com\/es\/?s={search_term_string}\"},\"query-input\":{\"@type\":\"PropertyValueSpecification\",\"valueRequired\":true,\"valueName\":\"search_term_string\"}}],\"inLanguage\":\"es\"},{\"@type\":\"Organization\",\"@id\":\"https:\/\/mueblesjbrinas.com\/es\/#organization\",\"name\":\"In&Out Furniture\",\"alternateName\":\"Muebles J. Bri\u00f1as\",\"url\":\"https:\/\/mueblesjbrinas.com\/es\/\",\"logo\":{\"@type\":\"ImageObject\",\"inLanguage\":\"es\",\"@id\":\"https:\/\/mueblesjbrinas.com\/es\/#\/schema\/logo\/image\/\",\"url\":\"https:\/\/mueblesjbrinas.com\/wp-content\/uploads\/2018\/03\/logo-web.png\",\"contentUrl\":\"https:\/\/mueblesjbrinas.com\/wp-content\/uploads\/2018\/03\/logo-web.png\",\"width\":300,\"height\":146,\"caption\":\"In&Out Furniture\"},\"image\":{\"@id\":\"https:\/\/mueblesjbrinas.com\/es\/#\/schema\/logo\/image\/\"},\"sameAs\":[\"https:\/\/www.facebook.com\/mueblesjbrinas\"]}]}<\/script>\n<!-- \/ Yoast SEO Premium plugin. -->","yoast_head_json":{"title":"\u25b7 Tienda de muebles en San Javier | In&Out Furniture","description":"Tienda de muebles en San Javier con especialidad en muebles de jard\u00edn y exterior. Descubre In&Out Furniture y encuentra lo que buscas cerca de ti.","robots":{"index":"index","follow":"follow","max-snippet":"max-snippet:-1","max-image-preview":"max-image-preview:large","max-video-preview":"max-video-preview:-1"},"canonical":"https:\/\/mueblesjbrinas.com\/es\/inout-san-javier-by-j-brinas\/","og_locale":"es_ES","og_type":"article","og_title":"In&Out San Javier","og_description":"Tienda de muebles en San Javier con especialidad en muebles de jard\u00edn y exterior. Descubre In&Out Furniture y encuentra lo que buscas cerca de ti.","og_url":"https:\/\/mueblesjbrinas.com\/es\/inout-san-javier-by-j-brinas\/","og_site_name":"In &amp; Out Furniture","article_publisher":"https:\/\/www.facebook.com\/mueblesjbrinas","article_modified_time":"2026-04-16T10:22:06+00:00","og_image":[{"width":700,"height":437,"url":"https:\/\/mueblesjbrinas.com\/wp-content\/uploads\/2024\/03\/Imagen-Destacada-Web-InOut-Muebles-J.-Brinas-700x437px.jpg","type":"image\/jpeg"}],"twitter_card":"summary_large_image","twitter_misc":{"Tiempo de lectura":"2 minutos"},"schema":{"@context":"https:\/\/schema.org","@graph":[{"@type":"WebPage","@id":"https:\/\/mueblesjbrinas.com\/es\/inout-san-javier-by-j-brinas\/","url":"https:\/\/mueblesjbrinas.com\/es\/inout-san-javier-by-j-brinas\/","name":"\u25b7 Tienda de muebles en San Javier | In&Out Furniture","isPartOf":{"@id":"https:\/\/mueblesjbrinas.com\/es\/#website"},"primaryImageOfPage":{"@id":"https:\/\/mueblesjbrinas.com\/es\/inout-san-javier-by-j-brinas\/#primaryimage"},"image":{"@id":"https:\/\/mueblesjbrinas.com\/es\/inout-san-javier-by-j-brinas\/#primaryimage"},"thumbnailUrl":"https:\/\/mueblesjbrinas.com\/wp-content\/uploads\/2024\/03\/Imagen-Destacada-Web-InOut-Muebles-J.-Brinas-700x437px.jpg","datePublished":"2023-12-07T14:18:11+00:00","dateModified":"2026-04-16T10:22:06+00:00","description":"Tienda de muebles en San Javier con especialidad en muebles de jard\u00edn y exterior. Descubre In&Out Furniture y encuentra lo que buscas cerca de ti.","breadcrumb":{"@id":"https:\/\/mueblesjbrinas.com\/es\/inout-san-javier-by-j-brinas\/#breadcrumb"},"inLanguage":"es","potentialAction":[{"@type":"ReadAction","target":["https:\/\/mueblesjbrinas.com\/es\/inout-san-javier-by-j-brinas\/"]}]},{"@type":"ImageObject","inLanguage":"es","@id":"https:\/\/mueblesjbrinas.com\/es\/inout-san-javier-by-j-brinas\/#primaryimage","url":"https:\/\/mueblesjbrinas.com\/wp-content\/uploads\/2024\/03\/Imagen-Destacada-Web-InOut-Muebles-J.-Brinas-700x437px.jpg","contentUrl":"https:\/\/mueblesjbrinas.com\/wp-content\/uploads\/2024\/03\/Imagen-Destacada-Web-InOut-Muebles-J.-Brinas-700x437px.jpg","width":700,"height":437,"caption":"Tienda de Muebles San Javier"},{"@type":"BreadcrumbList","@id":"https:\/\/mueblesjbrinas.com\/es\/inout-san-javier-by-j-brinas\/#breadcrumb","itemListElement":[{"@type":"ListItem","position":1,"name":"Portada","item":"https:\/\/mueblesjbrinas.com\/es\/"},{"@type":"ListItem","position":2,"name":"In&#038;Out San Javier"}]},{"@type":"WebSite","@id":"https:\/\/mueblesjbrinas.com\/es\/#website","url":"https:\/\/mueblesjbrinas.com\/es\/","name":"Muebles Bri\u00f1as","description":"Online Outdoor Furniture Shop in Costa Blanca. Torrevieja, Rojales, Guardamar, San Javier.","publisher":{"@id":"https:\/\/mueblesjbrinas.com\/es\/#organization"},"potentialAction":[{"@type":"SearchAction","target":{"@type":"EntryPoint","urlTemplate":"https:\/\/mueblesjbrinas.com\/es\/?s={search_term_string}"},"query-input":{"@type":"PropertyValueSpecification","valueRequired":true,"valueName":"search_term_string"}}],"inLanguage":"es"},{"@type":"Organization","@id":"https:\/\/mueblesjbrinas.com\/es\/#organization","name":"In&Out Furniture","alternateName":"Muebles J. Bri\u00f1as","url":"https:\/\/mueblesjbrinas.com\/es\/","logo":{"@type":"ImageObject","inLanguage":"es","@id":"https:\/\/mueblesjbrinas.com\/es\/#\/schema\/logo\/image\/","url":"https:\/\/mueblesjbrinas.com\/wp-content\/uploads\/2018\/03\/logo-web.png","contentUrl":"https:\/\/mueblesjbrinas.com\/wp-content\/uploads\/2018\/03\/logo-web.png","width":300,"height":146,"caption":"In&Out Furniture"},"image":{"@id":"https:\/\/mueblesjbrinas.com\/es\/#\/schema\/logo\/image\/"},"sameAs":["https:\/\/www.facebook.com\/mueblesjbrinas"]}]}},"_links":{"self":[{"href":"https:\/\/mueblesjbrinas.com\/es\/wp-json\/wp\/v2\/pages\/12215","targetHints":{"allow":["GET"]}}],"collection":[{"href":"https:\/\/mueblesjbrinas.com\/es\/wp-json\/wp\/v2\/pages"}],"about":[{"href":"https:\/\/mueblesjbrinas.com\/es\/wp-json\/wp\/v2\/types\/page"}],"author":[{"embeddable":true,"href":"https:\/\/mueblesjbrinas.com\/es\/wp-json\/wp\/v2\/users\/1"}],"replies":[{"embeddable":true,"href":"https:\/\/mueblesjbrinas.com\/es\/wp-json\/wp\/v2\/comments?post=12215"}],"version-history":[{"count":15,"href":"https:\/\/mueblesjbrinas.com\/es\/wp-json\/wp\/v2\/pages\/12215\/revisions"}],"predecessor-version":[{"id":14595,"href":"https:\/\/mueblesjbrinas.com\/es\/wp-json\/wp\/v2\/pages\/12215\/revisions\/14595"}],"wp:featuredmedia":[{"embeddable":true,"href":"https:\/\/mueblesjbrinas.com\/es\/wp-json\/wp\/v2\/media\/12329"}],"wp:attachment":[{"href":"https:\/\/mueblesjbrinas.com\/es\/wp-json\/wp\/v2\/media?parent=12215"}],"curies":[{"name":"wp","href":"https:\/\/api.w.org\/{rel}","templated":true}]}}